{"id":528,"date":"2015-08-28T23:10:04","date_gmt":"2015-08-28T21:10:04","guid":{"rendered":"https:\/\/www.vfl-kirchheim.de\/tischtennis\/\/ti-saison15-16-h1\/"},"modified":"2023-06-05T20:46:02","modified_gmt":"2023-06-05T18:46:02","slug":"ti-saison15-16-h1","status":"publish","type":"page","link":"https:\/\/www.vfl-kirchheim.de\/tischtennis\/ti-saison15-16-h1\/","title":{"rendered":"TI_Saison15-16_Herren1"},"content":{"rendered":"<p><\/p>\n<table style=\"height: 405px;\" width=\"915\">\n<tbody>\n<tr>\n<td><span style=\"font-family: arial,helvetica,sans-serif; font-size: 24pt;\"><strong>Herren 1<\/strong> <span style=\"font-size: 18pt;\">&#8211; Verbandsliga 2015-16<\/span><\/span><\/td>\n<td>\u00a0<\/td>\n<td style=\"text-align: right;\"><a href=\"https:\/\/www.vfl-kirchheim.de\/tischtennis\/\/ti-mannschaften-15-16\/\">zur\u00fcck zur \u00dcbersicht<\/a><\/td>\n<\/tr>\n<tr>\n<td><img decoding=\"async\" class=\" size-full wp-image-527\" src=\"https:\/\/www.vfl-kirchheim.de\/tischtennis\/\/wp-content\/uploads\/2015\/08\/H1_Team_15-16.JPG\" alt=\"\" width=\"500\" srcset=\"https:\/\/www.vfl-kirchheim.de\/tischtennis\/wp-content\/uploads\/2015\/08\/H1_Team_15-16.JPG 640w, https:\/\/www.vfl-kirchheim.de\/tischtennis\/wp-content\/uploads\/2015\/08\/H1_Team_15-16-300x200.jpg 300w\" sizes=\"(max-width: 640px) 100vw, 640px\" \/><\/td>\n<td>\u00a0<\/td>\n<td style=\"text-align: right;\">\n<table style=\"border-color: #fff700; margin-left: auto; margin-right: auto; height: 171px;\" border=\"1\" width=\"359\" rules=\"none\" cellspacing=\"20\">\n<thead>\n<tr style=\"border-color: #fff700; background-color: #fff700;\">\n<td style=\"text-align: center;\" width=\"86\"><strong>Rang<\/strong><\/td>\n<td style=\"text-align: center;\" width=\"86\"><strong>Q-TTR<\/strong><\/td>\n<td style=\"text-align: left;\" width=\"191\"><strong>Name, Vorname<\/strong><\/td>\n<\/tr>\n<\/thead>\n<tbody>\n<tr>\n<td style=\"text-align: center;\">1<\/td>\n<td style=\"text-align: center;\">2034<\/td>\n<td>Ge\u00dfner, Simon<\/td>\n<\/tr>\n<tr>\n<td style=\"text-align: center;\">2<\/td>\n<td style=\"text-align: center;\">2005<\/td>\n<td>Gantert, Matthias<\/td>\n<\/tr>\n<tr>\n<td style=\"text-align: center;\">3<\/td>\n<td style=\"text-align: center;\">1987<\/td>\n<td>Klyeisen, Michael<\/td>\n<\/tr>\n<tr>\n<td style=\"text-align: center;\">4<\/td>\n<td style=\"text-align: center;\">1949<\/td>\n<td>\u00dcbelh\u00f6r, Christian<\/td>\n<\/tr>\n<tr>\n<td style=\"text-align: center;\">5<\/td>\n<td style=\"text-align: center;\">1908<\/td>\n<td>Strauch, Patrick<\/td>\n<\/tr>\n<tr>\n<td style=\"text-align: center;\">6<\/td>\n<td style=\"text-align: center;\">1923<\/td>\n<td>Hummel, Klaus<\/td>\n<\/tr>\n<\/tbody>\n<\/table>\n<p><strong><span style=\"font-size: 12pt;\">Links:<\/span><\/strong><br \/><a href=\"http:\/\/ttvwh.click-tt.de\/cgi-bin\/WebObjects\/nuLigaTTDE.woa\/wa\/groupPage?championship=SK+TTVWH+15%2F16&amp;group=250870\" target=\"_blank\" rel=\"alternate noopener\">Tabelle und Spielplan<\/a><\/td>\n<\/tr>\n<tr>\n<td style=\"text-align: center;\"><span style=\"font-size: 10pt;\">K. Hummel, M. Gantert, C. \u00dcbelh\u00f6r, M. Klyeisen, <\/span>P. Strauch, S. Ge\u00dfner, M. Hohl<\/td>\n<td>\u00a0<\/td>\n<td style=\"text-align: right;\">\u00a0<\/td>\n<\/tr>\n<\/tbody>\n<\/table>\n<p style=\"margin-bottom: 0cm;\"><span style=\"font-size: large; font-family: arial,helvetica,sans-serif;\"><b>R\u00fcckblick Saison 2014-15<\/b><\/span><\/p>\n<p>Die Saison 14-15 verlief sehr erfolgreich f\u00fcr die 1. Herrenmannschaft. Die TT-Cracks \u00fcbertrafen die Erwartungen, so dass sie sich zur Hinrunde in den Top 3 der Liga festigen konnten. Zur R\u00fcckrunde mussten die Jungs gr\u00f6\u00dftenteils auf die Dienste des Urlaubers Simon Gessner verzichten. Dennoch kompensierte das Team den Ausfall erstaunlich gut und es entwickelte sich ein spannender Kampf um den Relegationsplatz, welcher durch 3 Unentschieden in den letzten Spielen knapp verpasst wurde. Am Ende belegten die Jungs einen dennoch guten dritten Platz.<\/p>\n<p style=\"margin-bottom: 0cm;\"><span style=\"font-size: large; font-family: arial,helvetica,sans-serif;\"><b>Ausblick Saison 2015-16<\/b><\/span><\/p>\n<p>F\u00fcr die neue Saison konnte Mattias Gantert vom TSV Wendlingen gewonnen werden. Er ersetzt den aus beruflichen Gr\u00fcnden nach Dachau gewechselten Benjamin Sabo. Als Ziel wurde ein Aufstiegsplatz f\u00fcr die Oberliga (direkt oder \u00fcber die Relegation) ausgegeben. Um dieses zu erreichen, f\u00e4hrt man wie jedes Jahr zur Vorbereitung ins Trainingslager nach Riezlern. Dort soll der Grundstein f\u00fcr eine erfolgreiche Saison gelegt werden. Die h\u00e4rtesten Konkurrenten d\u00fcrften sicherlich der Oberliga-Absteiger TG Donzdorf und der TTC M\u00fchringen, wo vor allem die starken vorderen Paarkreuze hervorzuheben sind, sein. Dahinter sollte Reutlingen ins Ziel kommen. Der Rest der Liga spielt gegen den Abstieg.<\/p>\n","protected":false},"excerpt":{"rendered":"<p>Herren 1 &#8211; Verbandsliga 2015-16 \u00a0 zur\u00fcck zur \u00dcbersicht \u00a0 Rang Q-TTR Name, Vorname 1 2034 Ge\u00dfner, Simon 2 2005 Gantert, Matthias 3 1987 Klyeisen, Michael 4 1949 \u00dcbelh\u00f6r, Christian 5 1908 Strauch, Patrick 6 1923 Hummel, Klaus Links:Tabelle und Spielplan K. Hummel, M. Gantert, C. \u00dcbelh\u00f6r, M. Klyeisen, P. Strauch, S. Ge\u00dfner, M. Hohl [&hellip;]<\/p>\n","protected":false},"author":1,"featured_media":527,"parent":0,"menu_order":1167,"comment_status":"closed","ping_status":"closed","template":"","meta":{"_et_pb_use_builder":"","_et_pb_old_content":"","_et_gb_content_width":"","ngg_post_thumbnail":0},"_links":{"self":[{"href":"https:\/\/www.vfl-kirchheim.de\/tischtennis\/wp-json\/wp\/v2\/pages\/528"}],"collection":[{"href":"https:\/\/www.vfl-kirchheim.de\/tischtennis\/wp-json\/wp\/v2\/pages"}],"about":[{"href":"https:\/\/www.vfl-kirchheim.de\/tischtennis\/wp-json\/wp\/v2\/types\/page"}],"author":[{"embeddable":true,"href":"https:\/\/www.vfl-kirchheim.de\/tischtennis\/wp-json\/wp\/v2\/users\/1"}],"replies":[{"embeddable":true,"href":"https:\/\/www.vfl-kirchheim.de\/tischtennis\/wp-json\/wp\/v2\/comments?post=528"}],"version-history":[{"count":1,"href":"https:\/\/www.vfl-kirchheim.de\/tischtennis\/wp-json\/wp\/v2\/pages\/528\/revisions"}],"predecessor-version":[{"id":970,"href":"https:\/\/www.vfl-kirchheim.de\/tischtennis\/wp-json\/wp\/v2\/pages\/528\/revisions\/970"}],"wp:featuredmedia":[{"embeddable":true,"href":"https:\/\/www.vfl-kirchheim.de\/tischtennis\/wp-json\/wp\/v2\/media\/527"}],"wp:attachment":[{"href":"https:\/\/www.vfl-kirchheim.de\/tischtennis\/wp-json\/wp\/v2\/media?parent=528"}],"curies":[{"name":"wp","href":"https:\/\/api.w.org\/{rel}","templated":true}]}}